{"id":2,"date":"2020-10-05T09:58:24","date_gmt":"2020-10-05T07:58:24","guid":{"rendered":"https:\/\/www.musikerfabrik.de\/musikschulestendal\/?page_id=2"},"modified":"2025-07-07T08:54:55","modified_gmt":"2025-07-07T06:54:55","slug":"beispiel-seite","status":"publish","type":"page","link":"https:\/\/www.musikerfabrik.de\/musikschulestendal\/","title":{"rendered":"Musikschule Stendal"},"content":{"rendered":"\t\t<div data-elementor-type=\"wp-page\" data-elementor-id=\"2\" class=\"elementor elementor-2\" data-elementor-post-type=\"page\">\n\t\t\t\t\t\t<section class=\"elementor-section elementor-top-section elementor-element elementor-element-1bae6b2 elementor-section-height-min-height elementor-section-content-middle elementor-section-boxed elementor-section-height-default elementor-section-items-middle\" data-id=\"1bae6b2\" data-element_type=\"section\" data-e-type=\"section\" data-settings=\"{&quot;background_background&quot;:&quot;classic&quot;}\">\n\t\t\t\t\t\t<div class=\"elementor-container elementor-column-gap-no\">\n\t\t\t\t\t<div class=\"elementor-column elementor-col-50 elementor-top-column elementor-element elementor-element-45e0989\" data-id=\"45e0989\" data-element_type=\"column\" data-e-type=\"column\">\n\t\t\t<div class=\"elementor-widget-wrap elementor-element-populated\">\n\t\t\t\t\t\t<div class=\"elementor-element elementor-element-2b74930 elementor-icon-list--layout-inline elementor-mobile-align-start elementor-hidden-phone elementor-tablet-align-center elementor-widget-mobile__width-initial elementor-list-item-link-full_width elementor-widget elementor-widget-icon-list\" data-id=\"2b74930\" data-element_type=\"widget\" data-e-type=\"widget\" data-widget_type=\"icon-list.default\">\n\t\t\t\t<div class=\"elementor-widget-container\">\n\t\t\t\t\t\t\t<ul class=\"elementor-icon-list-items elementor-inline-items\">\n\t\t\t\t\t\t\t<li class=\"elementor-icon-list-item elementor-inline-item\">\n\t\t\t\t\t\t\t\t\t\t\t<a href=\"tel:+495951216695\">\n\n\t\t\t\t\t\t\t\t\t\t\t\t<span class=\"elementor-icon-list-icon\">\n\t\t\t\t\t\t\t<i aria-hidden=\"true\" class=\"fas fa-phone\"><\/i>\t\t\t\t\t\t<\/span>\n\t\t\t\t\t\t\t\t\t\t<span class=\"elementor-icon-list-text\">03931 216695 (7:30-18:00)<\/span>\n\t\t\t\t\t\t\t\t\t\t\t<\/a>\n\t\t\t\t\t\t\t\t\t<\/li>\n\t\t\t\t\t\t\t\t<li class=\"elementor-icon-list-item elementor-inline-item\">\n\t\t\t\t\t\t\t\t\t\t\t<a href=\"mailto:info@musikerfabrik.de\">\n\n\t\t\t\t\t\t\t\t\t\t\t\t<span class=\"elementor-icon-list-icon\">\n\t\t\t\t\t\t\t<i aria-hidden=\"true\" class=\"far fa-envelope\"><\/i>\t\t\t\t\t\t<\/span>\n\t\t\t\t\t\t\t\t\t\t<span class=\"elementor-icon-list-text\">info@musikerfabrik.de<\/span>\n\t\t\t\t\t\t\t\t\t\t\t<\/a>\n\t\t\t\t\t\t\t\t\t<\/li>\n\t\t\t\t\t\t\t\t<li class=\"elementor-icon-list-item elementor-inline-item\">\n\t\t\t\t\t\t\t\t\t\t\t<a href=\"https:\/\/maps.google.com\/maps\/dir\/\/Musikerfabrik+Frank+Wedel+Schadewachten+40+39576+Stendal\/@52.6019363,11.8624486,14z\/data=!4m5!4m4!1m0!1m2!1m1!1s0x47af3b5d8df122e1:0x7097cc3ee2904b56\" target=\"_blank\" rel=\"noopener\">\n\n\t\t\t\t\t\t\t\t\t\t\t\t<span class=\"elementor-icon-list-icon\">\n\t\t\t\t\t\t\t<i aria-hidden=\"true\" class=\"far fa-clock\"><\/i>\t\t\t\t\t\t<\/span>\n\t\t\t\t\t\t\t\t\t\t<span class=\"elementor-icon-list-text\">B\u00fcro vor Ort: Mo-Fr  7:30-14:30<\/span>\n\t\t\t\t\t\t\t\t\t\t\t<\/a>\n\t\t\t\t\t\t\t\t\t<\/li>\n\t\t\t\t\t\t<\/ul>\n\t\t\t\t\t\t<\/div>\n\t\t\t\t<\/div>\n\t\t\t\t\t<\/div>\n\t\t<\/div>\n\t\t\t\t<div class=\"elementor-column elementor-col-50 elementor-top-column elementor-element elementor-element-a1fee08\" data-id=\"a1fee08\" data-element_type=\"column\" data-e-type=\"column\">\n\t\t\t<div class=\"elementor-widget-wrap elementor-element-populated\">\n\t\t\t\t\t\t<div class=\"elementor-element elementor-element-1b64627 e-grid-align-right elementor-shape-square e-grid-align-mobile-center elementor-grid-tablet-0 e-grid-align-tablet-center elementor-widget__width-initial elementor-grid-0 elementor-widget elementor-widget-social-icons\" data-id=\"1b64627\" data-element_type=\"widget\" data-e-type=\"widget\" data-widget_type=\"social-icons.default\">\n\t\t\t\t<div class=\"elementor-widget-container\">\n\t\t\t\t\t\t\t<div class=\"elementor-social-icons-wrapper elementor-grid\" role=\"list\">\n\t\t\t\t\t\t\t<span class=\"elementor-grid-item\" role=\"listitem\">\n\t\t\t\t\t<a class=\"elementor-icon elementor-social-icon elementor-social-icon-facebook-f elementor-repeater-item-5646027\" target=\"_blank\">\n\t\t\t\t\t\t<span class=\"elementor-screen-only\">Facebook-f<\/span>\n\t\t\t\t\t\t<i aria-hidden=\"true\" class=\"fab fa-facebook-f\"><\/i>\t\t\t\t\t<\/a>\n\t\t\t\t<\/span>\n\t\t\t\t\t\t\t<span class=\"elementor-grid-item\" role=\"listitem\">\n\t\t\t\t\t<a class=\"elementor-icon elementor-social-icon elementor-social-icon-instagram elementor-repeater-item-7c2bcc0\" target=\"_blank\">\n\t\t\t\t\t\t<span class=\"elementor-screen-only\">Instagram<\/span>\n\t\t\t\t\t\t<i aria-hidden=\"true\" class=\"fab fa-instagram\"><\/i>\t\t\t\t\t<\/a>\n\t\t\t\t<\/span>\n\t\t\t\t\t\t\t<span class=\"elementor-grid-item\" role=\"listitem\">\n\t\t\t\t\t<a class=\"elementor-icon elementor-social-icon elementor-social-icon-youtube elementor-repeater-item-4b27cd1\" target=\"_blank\">\n\t\t\t\t\t\t<span class=\"elementor-screen-only\">Youtube<\/span>\n\t\t\t\t\t\t<i aria-hidden=\"true\" class=\"fab fa-youtube\"><\/i>\t\t\t\t\t<\/a>\n\t\t\t\t<\/span>\n\t\t\t\t\t<\/div>\n\t\t\t\t\t\t<\/div>\n\t\t\t\t<\/div>\n\t\t\t\t\t<\/div>\n\t\t<\/div>\n\t\t\t\t\t<\/div>\n\t\t<\/section>\n\t\t\t\t<section class=\"elementor-section elementor-top-section elementor-element elementor-element-745fba7 elementor-section-boxed elementor-section-height-default elementor-section-height-default\" data-id=\"745fba7\" data-element_type=\"section\" data-e-type=\"section\">\n\t\t\t\t\t\t<div class=\"elementor-container elementor-column-gap-default\">\n\t\t\t\t\t<div class=\"elementor-column elementor-col-100 elementor-top-column elementor-element elementor-element-4d65104\" data-id=\"4d65104\" data-element_type=\"column\" data-e-type=\"column\">\n\t\t\t<div class=\"elementor-widget-wrap\">\n\t\t\t\t\t\t\t<\/div>\n\t\t<\/div>\n\t\t\t\t\t<\/div>\n\t\t<\/section>\n\t\t\t\t<section class=\"elementor-section elementor-top-section elementor-element elementor-element-c16593c elementor-section-boxed elementor-section-height-default elementor-section-height-default\" data-id=\"c16593c\" data-element_type=\"section\" data-e-type=\"section\">\n\t\t\t\t\t\t<div class=\"elementor-container elementor-column-gap-default\">\n\t\t\t\t\t<div class=\"elementor-column elementor-col-100 elementor-top-column elementor-element elementor-element-58efb9a\" data-id=\"58efb9a\" data-element_type=\"column\" data-e-type=\"column\">\n\t\t\t<div class=\"elementor-widget-wrap elementor-element-populated\">\n\t\t\t\t\t\t<div class=\"elementor-element elementor-element-7ca3def elementor--h-position-center elementor--v-position-middle elementor-arrows-position-inside elementor-pagination-position-inside elementor-widget elementor-widget-slides\" data-id=\"7ca3def\" data-element_type=\"widget\" data-e-type=\"widget\" data-settings=\"{&quot;autoplay_speed&quot;:2050,&quot;transition&quot;:&quot;fade&quot;,&quot;transition_speed&quot;:604,&quot;navigation&quot;:&quot;both&quot;,&quot;autoplay&quot;:&quot;yes&quot;,&quot;pause_on_hover&quot;:&quot;yes&quot;,&quot;pause_on_interaction&quot;:&quot;yes&quot;,&quot;infinite&quot;:&quot;yes&quot;}\" data-widget_type=\"slides.default\">\n\t\t\t\t<div class=\"elementor-widget-container\">\n\t\t\t\t\t\t\t\t\t<div class=\"elementor-swiper\">\n\t\t\t\t\t<div class=\"elementor-slides-wrapper elementor-main-swiper swiper\" role=\"region\" aria-roledescription=\"carousel\" aria-label=\"Slider\" dir=\"ltr\" data-animation=\"fadeInUp\">\n\t\t\t\t<div class=\"swiper-wrapper elementor-slides\">\n\t\t\t\t\t\t\t\t\t\t<div class=\"elementor-repeater-item-6f8d915 swiper-slide\" role=\"group\" aria-roledescription=\"slide\"><div class=\"swiper-slide-bg\" role=\"img\" aria-label=\"2412-happy new year-musikerfabrik-frank-wedel1\"><\/div><a class=\"swiper-slide-inner\" href=\"https:\/\/www.musikerfabrik.de\/\"><div class=\"swiper-slide-contents\"><\/div><\/a><\/div><div class=\"elementor-repeater-item-8c7a361 swiper-slide\" role=\"group\" aria-roledescription=\"slide\"><div class=\"swiper-slide-bg\" role=\"img\" aria-label=\"2412-happy new year-musikerfabrik-frank-wedel2\"><\/div><a class=\"swiper-slide-inner\" href=\"https:\/\/www.musikerfabrik.de\/gesang\/\"><div class=\"swiper-slide-contents\"><\/div><\/a><\/div><div class=\"elementor-repeater-item-6a0482c swiper-slide\" role=\"group\" aria-roledescription=\"slide\"><div class=\"swiper-slide-bg\" role=\"img\" aria-label=\"2412-happy new year-musikerfabrik-frank-wedel3\"><\/div><a class=\"swiper-slide-inner\" href=\"https:\/\/www.musikerfabrik.de\/musikschule\/musikalische-frueherziehung-stendal%20\"><div class=\"swiper-slide-contents\"><\/div><\/a><\/div><div class=\"elementor-repeater-item-c636665 swiper-slide\" role=\"group\" aria-roledescription=\"slide\"><div class=\"swiper-slide-bg\" role=\"img\" aria-label=\"2412-happy new year-musikerfabrik-frank-wedel4\"><\/div><a class=\"swiper-slide-inner\" href=\"http:\/\/www.musikerfabrik.de\/kontakt%20\"><div class=\"swiper-slide-contents\"><\/div><\/a><\/div>\t\t\t\t<\/div>\n\t\t\t\t\t\t\t\t\t\t\t\t\t\t\t<div class=\"elementor-swiper-button elementor-swiper-button-prev\" role=\"button\" tabindex=\"0\" aria-label=\"Vorheriger Slide\">\n\t\t\t\t\t\t\t<i aria-hidden=\"true\" class=\"eicon-chevron-left\"><\/i>\t\t\t\t\t\t<\/div>\n\t\t\t\t\t\t<div class=\"elementor-swiper-button elementor-swiper-button-next\" role=\"button\" tabindex=\"0\" aria-label=\"N\u00e4chster Slide\">\n\t\t\t\t\t\t\t<i aria-hidden=\"true\" class=\"eicon-chevron-right\"><\/i>\t\t\t\t\t\t<\/div>\n\t\t\t\t\t\t\t\t\t\t\t\t\t\t\t\t<div class=\"swiper-pagination\"><\/div>\n\t\t\t\t\t\t\t\t\t\t\t\t<\/div>\n\t\t\t\t<\/div>\n\t\t\t\t\t\t\t\t<\/div>\n\t\t\t\t<\/div>\n\t\t\t\t\t<\/div>\n\t\t<\/div>\n\t\t\t\t\t<\/div>\n\t\t<\/section>\n\t\t\t\t<section class=\"elementor-section elementor-top-section elementor-element elementor-element-f3f25c3 elementor-section-boxed elementor-section-height-default elementor-section-height-default\" data-id=\"f3f25c3\" data-element_type=\"section\" data-e-type=\"section\">\n\t\t\t\t\t\t<div class=\"elementor-container elementor-column-gap-default\">\n\t\t\t\t\t<div class=\"elementor-column elementor-col-100 elementor-top-column elementor-element elementor-element-bcdaf1e\" data-id=\"bcdaf1e\" data-element_type=\"column\" data-e-type=\"column\">\n\t\t\t<div class=\"elementor-widget-wrap elementor-element-populated\">\n\t\t\t\t\t\t<div class=\"elementor-element elementor-element-ac21b6d elementor-widget elementor-widget-text-editor\" data-id=\"ac21b6d\" data-element_type=\"widget\" data-e-type=\"widget\" data-widget_type=\"text-editor.default\">\n\t\t\t\t<div class=\"elementor-widget-container\">\n\t\t\t\t\t\t\t\t\t<h4>Herzlich willkommen in der Musikschule Stendal f\u00fcr alle Generationen\u00a0<\/h4><p>Hier k\u00f6nnen Kinder und Erwachsene Musik entdecken und Gesang oder Instrumente im Einzelunterricht lernen um sie in Ch\u00f6ren und Bands anzuwenden.<\/p><p>Die Unterrichts-Orte befinden sich sowohl in Stendal als auch an ausgew\u00e4hlten zentralen Orten im Gebiet der Altmark. Das Startalter ist 18 Monate.<\/p>\t\t\t\t\t\t\t\t<\/div>\n\t\t\t\t<\/div>\n\t\t\t\t<div class=\"elementor-element elementor-element-1f26354 elementor-align-justify elementor-tablet-align-center elementor-mobile-align-justify animated-fast elementor-invisible elementor-widget elementor-widget-button\" data-id=\"1f26354\" data-element_type=\"widget\" data-e-type=\"widget\" data-settings=\"{&quot;_animation&quot;:&quot;fadeInUp&quot;}\" data-widget_type=\"button.default\">\n\t\t\t\t<div class=\"elementor-widget-container\">\n\t\t\t\t\t\t\t\t\t<div class=\"elementor-button-wrapper\">\n\t\t\t\t\t<a class=\"elementor-button elementor-button-link elementor-size-xl elementor-animation-shrink\" href=\"http:\/\/www.musikerfabrik.de\/kontakt\" target=\"_blank\">\n\t\t\t\t\t\t<span class=\"elementor-button-content-wrapper\">\n\t\t\t\t\t\t<span class=\"elementor-button-icon\">\n\t\t\t\t<i aria-hidden=\"true\" class=\"fas fa-comments\"><\/i>\t\t\t<\/span>\n\t\t\t\t\t\t\t\t\t<span class=\"elementor-button-text\">Unterrichts-Anfragen &amp; Kontaktaufnahme<\/span>\n\t\t\t\t\t<\/span>\n\t\t\t\t\t<\/a>\n\t\t\t\t<\/div>\n\t\t\t\t\t\t\t\t<\/div>\n\t\t\t\t<\/div>\n\t\t\t\t\t<\/div>\n\t\t<\/div>\n\t\t\t\t\t<\/div>\n\t\t<\/section>\n\t\t\t\t<section class=\"elementor-section elementor-top-section elementor-element elementor-element-90eaae6 elementor-section-boxed elementor-section-height-default elementor-section-height-default\" data-id=\"90eaae6\" data-element_type=\"section\" data-e-type=\"section\">\n\t\t\t\t\t\t<div class=\"elementor-container elementor-column-gap-default\">\n\t\t\t\t\t<div class=\"elementor-column elementor-col-100 elementor-top-column elementor-element elementor-element-2a08959\" data-id=\"2a08959\" data-element_type=\"column\" data-e-type=\"column\">\n\t\t\t<div class=\"elementor-widget-wrap elementor-element-populated\">\n\t\t\t\t\t\t<div class=\"elementor-element elementor-element-dd53ebe elementor-widget elementor-widget-heading\" data-id=\"dd53ebe\" data-element_type=\"widget\" data-e-type=\"widget\" data-widget_type=\"heading.default\">\n\t\t\t\t<div class=\"elementor-widget-container\">\n\t\t\t\t\t<h2 class=\"elementor-heading-title elementor-size-default\"><\/h2>\t\t\t\t<\/div>\n\t\t\t\t<\/div>\n\t\t\t\t<div class=\"elementor-element elementor-element-065c60a elementor-widget elementor-widget-image\" data-id=\"065c60a\" data-element_type=\"widget\" data-e-type=\"widget\" data-widget_type=\"image.default\">\n\t\t\t\t<div class=\"elementor-widget-container\">\n\t\t\t\t\t\t\t\t\t\t\t\t\t\t\t\t<a href=\"http:\/\/www.musikerfabrik.de\">\n\t\t\t\t\t\t\t<img decoding=\"async\" src=\"https:\/\/www.musikerfabrik.de\/musikschulestendal\/wp-content\/uploads\/sites\/5\/2020\/10\/MF_Web_MusikschuleStendal_Kurse_Musikbereiche_Instrumente.png\" title=\"MF_Web_MusikschuleStendal_Kurse_Musikbereiche_Instrumente\" alt=\"MF_Web_MusikschuleStendal_Kurse_Musikbereiche_Instrumente\" loading=\"lazy\" \/>\t\t\t\t\t\t\t\t<\/a>\n\t\t\t\t\t\t\t\t\t\t\t\t\t\t\t<\/div>\n\t\t\t\t<\/div>\n\t\t\t\t<div class=\"elementor-element elementor-element-a1ee000 elementor-widget elementor-widget-image\" data-id=\"a1ee000\" data-element_type=\"widget\" data-e-type=\"widget\" data-widget_type=\"image.default\">\n\t\t\t\t<div class=\"elementor-widget-container\">\n\t\t\t\t\t\t\t\t\t\t\t\t\t\t\t<img fetchpriority=\"high\" decoding=\"async\" width=\"1080\" height=\"1920\" src=\"https:\/\/www.musikerfabrik.de\/musikschulestendal\/wp-content\/uploads\/sites\/5\/2025\/07\/1.png\" class=\"attachment-full size-full wp-image-426\" alt=\"\" srcset=\"https:\/\/www.musikerfabrik.de\/musikschulestendal\/wp-content\/uploads\/sites\/5\/2025\/07\/1.png 1080w, https:\/\/www.musikerfabrik.de\/musikschulestendal\/wp-content\/uploads\/sites\/5\/2025\/07\/1-169x300.png 169w, https:\/\/www.musikerfabrik.de\/musikschulestendal\/wp-content\/uploads\/sites\/5\/2025\/07\/1-576x1024.png 576w, https:\/\/www.musikerfabrik.de\/musikschulestendal\/wp-content\/uploads\/sites\/5\/2025\/07\/1-768x1365.png 768w, https:\/\/www.musikerfabrik.de\/musikschulestendal\/wp-content\/uploads\/sites\/5\/2025\/07\/1-864x1536.png 864w\" sizes=\"(max-width: 1080px) 100vw, 1080px\" \/>\t\t\t\t\t\t\t\t\t\t\t\t\t\t\t<\/div>\n\t\t\t\t<\/div>\n\t\t\t\t<div class=\"elementor-element elementor-element-77370e3 elementor-widget__width-inherit elementor-widget-mobile__width-initial elementor-widget elementor-widget-image\" data-id=\"77370e3\" data-element_type=\"widget\" data-e-type=\"widget\" data-widget_type=\"image.default\">\n\t\t\t\t<div class=\"elementor-widget-container\">\n\t\t\t\t\t\t\t\t\t\t\t\t<figure class=\"wp-caption\">\n\t\t\t\t\t\t\t\t\t\t\t<a href=\"http:\/\/www.musikerfabrik.de\/kontakt%20\">\n\t\t\t\t\t\t\t<img decoding=\"async\" width=\"1152\" height=\"1536\" src=\"https:\/\/www.musikerfabrik.de\/musikschulestendal\/wp-content\/uploads\/sites\/5\/2024\/12\/Frank-Wedel-talking-lachen-Buehne-Gospelworkshop-Havelberg-2-1152x1536.jpg\" class=\"attachment-1536x1536 size-1536x1536 wp-image-361\" alt=\"\" srcset=\"https:\/\/www.musikerfabrik.de\/musikschulestendal\/wp-content\/uploads\/sites\/5\/2024\/12\/Frank-Wedel-talking-lachen-Buehne-Gospelworkshop-Havelberg-2-1152x1536.jpg 1152w, https:\/\/www.musikerfabrik.de\/musikschulestendal\/wp-content\/uploads\/sites\/5\/2024\/12\/Frank-Wedel-talking-lachen-Buehne-Gospelworkshop-Havelberg-2-768x1024.jpg 768w\" sizes=\"(max-width: 1152px) 100vw, 1152px\" \/>\t\t\t\t\t\t\t\t<\/a>\n\t\t\t\t\t\t\t\t\t\t\t<figcaption class=\"widget-image-caption wp-caption-text\">Frank Wedel (Leitung)<\/figcaption>\n\t\t\t\t\t\t\t\t\t\t<\/figure>\n\t\t\t\t\t\t\t\t\t<\/div>\n\t\t\t\t<\/div>\n\t\t\t\t\t<\/div>\n\t\t<\/div>\n\t\t\t\t\t<\/div>\n\t\t<\/section>\n\t\t\t\t<section class=\"elementor-section elementor-top-section elementor-element elementor-element-b592ff3 elementor-section-boxed elementor-section-height-default elementor-section-height-default\" data-id=\"b592ff3\" data-element_type=\"section\" data-e-type=\"section\" data-settings=\"{&quot;background_background&quot;:&quot;classic&quot;}\">\n\t\t\t\t\t\t<div class=\"elementor-container elementor-column-gap-default\">\n\t\t\t\t\t<div class=\"elementor-column elementor-col-33 elementor-top-column elementor-element elementor-element-e0a874b\" data-id=\"e0a874b\" data-element_type=\"column\" data-e-type=\"column\">\n\t\t\t<div class=\"elementor-widget-wrap elementor-element-populated\">\n\t\t\t\t\t\t<div class=\"elementor-element elementor-element-b986666 elementor-widget elementor-widget-text-editor\" data-id=\"b986666\" data-element_type=\"widget\" data-e-type=\"widget\" data-widget_type=\"text-editor.default\">\n\t\t\t\t<div class=\"elementor-widget-container\">\n\t\t\t\t\t\t\t\t\t<p>Musikschule Musikerfabrik Frank Wedel\u00a0<\/p><p><span style=\"font-family: var( --e-global-typography-text-font-family ), Sans-serif; font-size: 14px;\">Schadewachten 40<\/span><\/p><p>39576 Stendal<br \/>Telefon: 03931 216695<br \/>E-Mail: info@musikerfabrik.de<\/p>\t\t\t\t\t\t\t\t<\/div>\n\t\t\t\t<\/div>\n\t\t\t\t<div class=\"elementor-element elementor-element-8dff692 e-grid-align-left e-grid-align-mobile-left elementor-shape-rounded elementor-grid-0 elementor-widget elementor-widget-social-icons\" data-id=\"8dff692\" data-element_type=\"widget\" data-e-type=\"widget\" data-widget_type=\"social-icons.default\">\n\t\t\t\t<div class=\"elementor-widget-container\">\n\t\t\t\t\t\t\t<div class=\"elementor-social-icons-wrapper elementor-grid\" role=\"list\">\n\t\t\t\t\t\t\t<span class=\"elementor-grid-item\" role=\"listitem\">\n\t\t\t\t\t<a class=\"elementor-icon elementor-social-icon elementor-social-icon-twitter elementor-repeater-item-4bbb085\" href=\"https:\/\/twitter.com\/musikerfabrik\" target=\"_blank\" rel=\"noopener\">\n\t\t\t\t\t\t<span class=\"elementor-screen-only\">Twitter<\/span>\n\t\t\t\t\t\t<i aria-hidden=\"true\" class=\"fab fa-twitter\"><\/i>\t\t\t\t\t<\/a>\n\t\t\t\t<\/span>\n\t\t\t\t\t\t\t<span class=\"elementor-grid-item\" role=\"listitem\">\n\t\t\t\t\t<a class=\"elementor-icon elementor-social-icon elementor-social-icon-facebook-f elementor-repeater-item-0267196\" href=\"https:\/\/www.facebook.com\/Musikerfabrik-Frank-Wedel-Wir-machen-Musik-er-134194917635\/\" target=\"_blank\" rel=\"noopener\">\n\t\t\t\t\t\t<span class=\"elementor-screen-only\">Facebook-f<\/span>\n\t\t\t\t\t\t<i aria-hidden=\"true\" class=\"fab fa-facebook-f\"><\/i>\t\t\t\t\t<\/a>\n\t\t\t\t<\/span>\n\t\t\t\t\t\t\t<span class=\"elementor-grid-item\" role=\"listitem\">\n\t\t\t\t\t<a class=\"elementor-icon elementor-social-icon elementor-social-icon-youtube elementor-repeater-item-dbaeb71\" href=\"https:\/\/www.youtube.com\/channel\/UC-Y0g44Pk0io0TDDRJwzFHA\" target=\"_blank\" rel=\"noopener\">\n\t\t\t\t\t\t<span class=\"elementor-screen-only\">Youtube<\/span>\n\t\t\t\t\t\t<i aria-hidden=\"true\" class=\"fab fa-youtube\"><\/i>\t\t\t\t\t<\/a>\n\t\t\t\t<\/span>\n\t\t\t\t\t\t\t<span class=\"elementor-grid-item\" role=\"listitem\">\n\t\t\t\t\t<a class=\"elementor-icon elementor-social-icon elementor-social-icon-instagram elementor-repeater-item-5da4878\" href=\"https:\/\/www.instagram.com\/musikerfabrik\/\" target=\"_blank\" rel=\"noopener\">\n\t\t\t\t\t\t<span class=\"elementor-screen-only\">Instagram<\/span>\n\t\t\t\t\t\t<i aria-hidden=\"true\" class=\"fab fa-instagram\"><\/i>\t\t\t\t\t<\/a>\n\t\t\t\t<\/span>\n\t\t\t\t\t\t\t<span class=\"elementor-grid-item\" role=\"listitem\">\n\t\t\t\t\t<a class=\"elementor-icon elementor-social-icon elementor-social-icon-linkedin elementor-repeater-item-79c68ea\" href=\"https:\/\/www.linkedin.com\/in\/frank-wedel-161b0080\/\" target=\"_blank\" rel=\"noopener\">\n\t\t\t\t\t\t<span class=\"elementor-screen-only\">Linkedin<\/span>\n\t\t\t\t\t\t<i aria-hidden=\"true\" class=\"fab fa-linkedin\"><\/i>\t\t\t\t\t<\/a>\n\t\t\t\t<\/span>\n\t\t\t\t\t\t\t<span class=\"elementor-grid-item\" role=\"listitem\">\n\t\t\t\t\t<a class=\"elementor-icon elementor-social-icon elementor-social-icon-pinterest elementor-repeater-item-f7d99e3\" href=\"https:\/\/www.pinterest.de\/musikerfabrik\" target=\"_blank\" rel=\"noopener\">\n\t\t\t\t\t\t<span class=\"elementor-screen-only\">Pinterest<\/span>\n\t\t\t\t\t\t<i aria-hidden=\"true\" class=\"fab fa-pinterest\"><\/i>\t\t\t\t\t<\/a>\n\t\t\t\t<\/span>\n\t\t\t\t\t<\/div>\n\t\t\t\t\t\t<\/div>\n\t\t\t\t<\/div>\n\t\t\t\t\t<\/div>\n\t\t<\/div>\n\t\t\t\t<div class=\"elementor-column elementor-col-33 elementor-top-column elementor-element elementor-element-10c9c66\" data-id=\"10c9c66\" data-element_type=\"column\" data-e-type=\"column\">\n\t\t\t<div class=\"elementor-widget-wrap elementor-element-populated\">\n\t\t\t\t\t\t<div class=\"elementor-element elementor-element-4f4b61d elementor-widget elementor-widget-heading\" data-id=\"4f4b61d\" data-element_type=\"widget\" data-e-type=\"widget\" data-widget_type=\"heading.default\">\n\t\t\t\t<div class=\"elementor-widget-container\">\n\t\t\t\t\t<h2 class=\"elementor-heading-title elementor-size-default\">Musikschule<\/h2>\t\t\t\t<\/div>\n\t\t\t\t<\/div>\n\t\t\t\t<div class=\"elementor-element elementor-element-5118b13 elementor-widget elementor-widget-text-editor\" data-id=\"5118b13\" data-element_type=\"widget\" data-e-type=\"widget\" data-widget_type=\"text-editor.default\">\n\t\t\t\t<div class=\"elementor-widget-container\">\n\t\t\t\t\t\t\t\t\t<p><a href=\"http:\/\/www.musikerfabrik.de\/kontakt\">Alle Instrumente sind generell anfragebar. Wir melden uns kurzfristig zur\u00fcck mit Schnupperterminen.\u00a0<\/a><\/p><p><a href=\"http:\/\/www.musikerfabrik.de\/kontakt\">Hier bitte Anfrage mit m\u00f6glichen Tagen und Uhrzeiten eintragen<\/a><\/p>\t\t\t\t\t\t\t\t<\/div>\n\t\t\t\t<\/div>\n\t\t\t\t\t<\/div>\n\t\t<\/div>\n\t\t\t\t<div class=\"elementor-column elementor-col-33 elementor-top-column elementor-element elementor-element-496e5f2\" data-id=\"496e5f2\" data-element_type=\"column\" data-e-type=\"column\">\n\t\t\t<div class=\"elementor-widget-wrap elementor-element-populated\">\n\t\t\t\t\t\t<div class=\"elementor-element elementor-element-26cb5c2 elementor-widget elementor-widget-heading\" data-id=\"26cb5c2\" data-element_type=\"widget\" data-e-type=\"widget\" data-widget_type=\"heading.default\">\n\t\t\t\t<div class=\"elementor-widget-container\">\n\t\t\t\t\t<h2 class=\"elementor-heading-title elementor-size-default\">Rechtliches<\/h2>\t\t\t\t<\/div>\n\t\t\t\t<\/div>\n\t\t\t\t<div class=\"elementor-element elementor-element-8e19ca0 elementor-widget elementor-widget-text-editor\" data-id=\"8e19ca0\" data-element_type=\"widget\" data-e-type=\"widget\" data-widget_type=\"text-editor.default\">\n\t\t\t\t<div class=\"elementor-widget-container\">\n\t\t\t\t\t\t\t\t\t<p><a href=\"https:\/\/www.musikerfabrik.de\/impressum\/\">IMPRESSUM<\/a><\/p><p><a href=\"https:\/\/www.musikerfabrik.de\/datenschutz\/\">DATENSCHUTZ<\/a><\/p>\t\t\t\t\t\t\t\t<\/div>\n\t\t\t\t<\/div>\n\t\t\t\t\t<\/div>\n\t\t<\/div>\n\t\t\t\t\t<\/div>\n\t\t<\/section>\n\t\t\t\t<section class=\"elementor-section elementor-top-section elementor-element elementor-element-2495e94 elementor-section-boxed elementor-section-height-default elementor-section-height-default\" data-id=\"2495e94\" data-element_type=\"section\" data-e-type=\"section\">\n\t\t\t\t\t\t<div class=\"elementor-container elementor-column-gap-default\">\n\t\t\t\t\t<div class=\"elementor-column elementor-col-100 elementor-top-column elementor-element elementor-element-34fa81c\" data-id=\"34fa81c\" data-element_type=\"column\" data-e-type=\"column\">\n\t\t\t<div class=\"elementor-widget-wrap elementor-element-populated\">\n\t\t\t\t\t\t\t<\/div>\n\t\t<\/div>\n\t\t\t\t\t<\/div>\n\t\t<\/section>\n\t\t\t\t<\/div>\n\t\t","protected":false},"excerpt":{"rendered":"<p>03931 216695 (7:30-18:00) info@musikerfabrik.de B\u00fcro vor Ort: Mo-Fr 7:30-14:30 Facebook-f Instagram Youtube Herzlich willkommen in der Musikschule Stendal f\u00fcr alle Generationen\u00a0 Hier k\u00f6nnen Kinder und Erwachsene Musik entdecken und Gesang oder Instrumente im Einzelunterricht lernen um sie in Ch\u00f6ren und Bands anzuwenden. Die Unterrichts-Orte befinden sich sowohl in Stendal als auch an ausgew\u00e4hlten zentralen Orten [&hellip;]<\/p>\n","protected":false},"author":4,"featured_media":101,"parent":95,"menu_order":0,"comment_status":"closed","ping_status":"open","template":"elementor_canvas","meta":{"content-type":"","footnotes":""},"class_list":["post-2","page","type-page","status-publish","has-post-thumbnail","hentry"],"_links":{"self":[{"href":"https:\/\/www.musikerfabrik.de\/musikschulestendal\/index.php?rest_route=\/wp\/v2\/pages\/2","targetHints":{"allow":["GET"]}}],"collection":[{"href":"https:\/\/www.musikerfabrik.de\/musikschulestendal\/index.php?rest_route=\/wp\/v2\/pages"}],"about":[{"href":"https:\/\/www.musikerfabrik.de\/musikschulestendal\/index.php?rest_route=\/wp\/v2\/types\/page"}],"author":[{"embeddable":true,"href":"https:\/\/www.musikerfabrik.de\/musikschulestendal\/index.php?rest_route=\/wp\/v2\/users\/4"}],"replies":[{"embeddable":true,"href":"https:\/\/www.musikerfabrik.de\/musikschulestendal\/index.php?rest_route=%2Fwp%2Fv2%2Fcomments&post=2"}],"version-history":[{"count":148,"href":"https:\/\/www.musikerfabrik.de\/musikschulestendal\/index.php?rest_route=\/wp\/v2\/pages\/2\/revisions"}],"predecessor-version":[{"id":430,"href":"https:\/\/www.musikerfabrik.de\/musikschulestendal\/index.php?rest_route=\/wp\/v2\/pages\/2\/revisions\/430"}],"up":[{"embeddable":true,"href":"https:\/\/www.musikerfabrik.de\/musikschulestendal\/index.php?rest_route=\/wp\/v2\/pages\/95"}],"wp:featuredmedia":[{"embeddable":true,"href":"https:\/\/www.musikerfabrik.de\/musikschulestendal\/index.php?rest_route=\/wp\/v2\/media\/101"}],"wp:attachment":[{"href":"https:\/\/www.musikerfabrik.de\/musikschulestendal\/index.php?rest_route=%2Fwp%2Fv2%2Fmedia&parent=2"}],"curies":[{"name":"wp","href":"https:\/\/api.w.org\/{rel}","templated":true}]}}